
{"id":3671,"date":"2025-12-03T14:36:56","date_gmt":"2025-12-03T14:36:56","guid":{"rendered":"https:\/\/testweb.previntegral.com\/producto\/operadors-daparells-elevadors\/"},"modified":"2026-02-03T10:02:29","modified_gmt":"2026-02-03T10:02:29","slug":"operadors-daparells-elevadors","status":"publish","type":"product","link":"https:\/\/testweb.previntegral.com\/es\/producto\/operadors-daparells-elevadors\/","title":{"rendered":"Operadores de equipos de elevaci\u00f3n"},"content":{"rendered":"<p>Si treballes o vols treballar en el sector de la construcci\u00f3, aquest curs d\u2019<strong>Operadores de equipos de elevaci\u00f3n<\/strong> t\u2019ofereix la formaci\u00f3 imprescindible per complir amb les <strong>obligaciones de formaci\u00f3n<\/strong> establertes pel conveni col\u00b7lectiu. La formaci\u00f3 \u00e9s <strong>En persona<\/strong> y tiene una duraci\u00f3n de <strong>20 horas<\/strong>, dissenyada per assegurar que adquireixis les <strong>habilidades y conocimientos<\/strong> necessaris perqu\u00e8 puguis operar amb seguretat i efic\u00e0cia els aparells elevadors en obra. El programa combina continguts comuns a diferents oficis amb una part especialitzada enfocada en la prevenci\u00f3 de <strong>Riesgos laborales<\/strong> espec\u00edfics d\u2019aquests equips. A Previntegral, com a centre acreditat per la Fundaci\u00f3 Laboral de la Construcci\u00f3, t\u2019oferim un curs actualitzat i adaptat a les necessitats reals del sector, que et permetr\u00e0 garantir la teva seguretat i professionalitat en el treball diari, alhora que disposar\u00e0s d\u2019una acreditaci\u00f3 reconeguda i imprescindible per accedir a l\u2019obra.<\/p>","protected":false},"excerpt":{"rendered":"<p>Si treballes o vols treballar en el sector de la construcci\u00f3, aquest curs d\u2019Operadors d\u2019aparells elevadors t\u2019ofereix la formaci\u00f3 imprescindible per complir amb les obligacions formatives establertes pel conveni col\u00b7lectiu. La formaci\u00f3 \u00e9s presencial i t\u00e9 una durada de 20 hores, dissenyada per assegurar que adquireixis les habilitats i coneixements necessaris perqu\u00e8 puguis operar amb [&hellip;]<\/p>\n","protected":false},"featured_media":3673,"comment_status":"open","ping_status":"closed","template":"","meta":{"_acf_changed":false},"product_brand":[],"product_cat":[38],"product_tag":[],"class_list":{"0":"post-3671","1":"product","2":"type-product","3":"status-publish","4":"has-post-thumbnail","6":"product_cat-construccio","8":"first","9":"instock","10":"virtual","11":"taxable","12":"purchasable","13":"product-type-curso"},"acf":[],"precio_regular_curso":281,"precio_bonificado_curso":296,"_links":{"self":[{"href":"https:\/\/testweb.previntegral.com\/es\/wp-json\/wp\/v2\/product\/3671","targetHints":{"allow":["GET"]}}],"collection":[{"href":"https:\/\/testweb.previntegral.com\/es\/wp-json\/wp\/v2\/product"}],"about":[{"href":"https:\/\/testweb.previntegral.com\/es\/wp-json\/wp\/v2\/types\/product"}],"replies":[{"embeddable":true,"href":"https:\/\/testweb.previntegral.com\/es\/wp-json\/wp\/v2\/comments?post=3671"}],"wp:featuredmedia":[{"embeddable":true,"href":"https:\/\/testweb.previntegral.com\/es\/wp-json\/wp\/v2\/media\/3673"}],"wp:attachment":[{"href":"https:\/\/testweb.previntegral.com\/es\/wp-json\/wp\/v2\/media?parent=3671"}],"wp:term":[{"taxonomy":"product_brand","embeddable":true,"href":"https:\/\/testweb.previntegral.com\/es\/wp-json\/wp\/v2\/product_brand?post=3671"},{"taxonomy":"product_cat","embeddable":true,"href":"https:\/\/testweb.previntegral.com\/es\/wp-json\/wp\/v2\/product_cat?post=3671"},{"taxonomy":"product_tag","embeddable":true,"href":"https:\/\/testweb.previntegral.com\/es\/wp-json\/wp\/v2\/product_tag?post=3671"}],"curies":[{"name":"wp","href":"https:\/\/api.w.org\/{rel}","templated":true}]}}