
{"id":3738,"date":"2025-12-03T15:00:19","date_gmt":"2025-12-03T15:00:19","guid":{"rendered":"https:\/\/testweb.previntegral.com\/producto\/especialitat-en-construccio-i-manteniment-de-vies-ferries\/"},"modified":"2026-02-03T10:02:30","modified_gmt":"2026-02-03T10:02:30","slug":"especialidad-en-construccion-y-mantenimiento-de-vias-ferreas","status":"publish","type":"product","link":"https:\/\/testweb.previntegral.com\/es\/producto\/especialitat-en-construccio-i-manteniment-de-vies-ferries\/","title":{"rendered":"Especialista en la construcci\u00f3n y mantenimiento de v\u00edas f\u00e9rreas."},"content":{"rendered":"<p>Este curso presencial de 6 horas est\u00e1 dise\u00f1ado espec\u00edficamente para profesionales del sector de la construcci\u00f3n que trabajan en <strong>construcci\u00f3n y mantenimiento de v\u00edas f\u00e9rreas<\/strong>. Con una formaci\u00f3n homologada por la Fundaci\u00f3n Laboral de la Construcci\u00f3n, garantizar\u00e1s el cumplimiento de las <strong>obligaciones de formaci\u00f3n<\/strong> establecidas por el convenio colectivo del sector. La propuesta combina conocimientos sobre <strong>prevenci\u00f3n de riesgos laborales<\/strong> con las <strong>t\u00e9cnicas y procedimientos espec\u00edficos<\/strong> necesarios para desarrollar el trabajo con seguridad y eficiencia. Este curso presencial es una oportunidad para adquirir las <strong>Habilidades profesionales<\/strong> que te permitir\u00e1n trabajar con responsabilidad en un entorno tan delicado como el de las v\u00edas f\u00e9rreas, cumpliendo la normativa vigente y garantizando tu bienestar y el de los compa\u00f1eros. Es, por tanto, una formaci\u00f3n clave para todas las personas que quieren estar al d\u00eda y garantizar un entorno laboral seguro y eficiente dentro del sector de la construcci\u00f3n.<\/p>","protected":false},"excerpt":{"rendered":"<p>Aquest curs presencial de 6 hores est\u00e0 dissenyat espec\u00edficament per als professionals del sector de la construcci\u00f3 que treballen en la construcci\u00f3 i manteniment de vies f\u00e8rries. Amb una formaci\u00f3 homologada per la Fundaci\u00f3 Laboral de la Construcci\u00f3, garantir\u00e0s el compliment de les obligacions formatives establertes pel conveni col\u00b7lectiu del sector. La proposta combina coneixements [&hellip;]<\/p>\n","protected":false},"featured_media":3740,"comment_status":"open","ping_status":"closed","template":"","meta":{"_acf_changed":false},"product_brand":[],"product_cat":[38],"product_tag":[],"class_list":{"0":"post-3738","1":"product","2":"type-product","3":"status-publish","4":"has-post-thumbnail","6":"product_cat-construccio","8":"first","9":"instock","10":"virtual","11":"taxable","12":"purchasable","13":"product-type-curso"},"acf":[],"precio_regular_curso":124,"precio_bonificado_curso":130,"_links":{"self":[{"href":"https:\/\/testweb.previntegral.com\/es\/wp-json\/wp\/v2\/product\/3738","targetHints":{"allow":["GET"]}}],"collection":[{"href":"https:\/\/testweb.previntegral.com\/es\/wp-json\/wp\/v2\/product"}],"about":[{"href":"https:\/\/testweb.previntegral.com\/es\/wp-json\/wp\/v2\/types\/product"}],"replies":[{"embeddable":true,"href":"https:\/\/testweb.previntegral.com\/es\/wp-json\/wp\/v2\/comments?post=3738"}],"wp:featuredmedia":[{"embeddable":true,"href":"https:\/\/testweb.previntegral.com\/es\/wp-json\/wp\/v2\/media\/3740"}],"wp:attachment":[{"href":"https:\/\/testweb.previntegral.com\/es\/wp-json\/wp\/v2\/media?parent=3738"}],"wp:term":[{"taxonomy":"product_brand","embeddable":true,"href":"https:\/\/testweb.previntegral.com\/es\/wp-json\/wp\/v2\/product_brand?post=3738"},{"taxonomy":"product_cat","embeddable":true,"href":"https:\/\/testweb.previntegral.com\/es\/wp-json\/wp\/v2\/product_cat?post=3738"},{"taxonomy":"product_tag","embeddable":true,"href":"https:\/\/testweb.previntegral.com\/es\/wp-json\/wp\/v2\/product_tag?post=3738"}],"curies":[{"name":"wp","href":"https:\/\/api.w.org\/{rel}","templated":true}]}}