
{"id":5506,"date":"2025-12-09T16:47:27","date_gmt":"2025-12-09T16:47:27","guid":{"rendered":"https:\/\/testweb.previntegral.com\/producto\/nivell-basic-de-prevencio-en-la-construccio-i-metall-dobra\/"},"modified":"2026-02-11T15:44:35","modified_gmt":"2026-02-11T15:44:35","slug":"nivel-basico-de-prevencion-en-la-construccion-y-la-chapa-metalica","status":"publish","type":"product","link":"https:\/\/testweb.previntegral.com\/es\/producto\/nivell-basic-de-prevencio-en-la-construccio-i-metall-dobra\/","title":{"rendered":"Nivel b\u00e1sico de prevenci\u00f3n en la construcci\u00f3n y la chapister\u00eda."},"content":{"rendered":"<p>Este curso proporciona la formaci\u00f3n necesaria para asumir <strong>Funciones preventivas de nivel b\u00e1sico<\/strong> en empresas metal\u00fargicas que trabajan en obras de construcci\u00f3n. Tiene una duraci\u00f3n de <strong>60 horas<\/strong> en <strong>Modo de fusi\u00f3n<\/strong> (20 horas de formaci\u00f3n presencial y 40 horas de aprendizaje electr\u00f3nico), combinando la pr\u00e1ctica en el aula con la flexibilidad en l\u00ednea. Los alumnos adquieren las habilidades necesarias para identificar y controlar los riesgos en las tareas del sector: trabajos en altura, maquinaria y herramientas, soldadura, manipulaci\u00f3n de cargas y exposici\u00f3n a agentes f\u00edsicos y qu\u00edmicos, as\u00ed como respuesta a emergencias y primeros auxilios. El marco legal de la <strong>Equipo de protecci\u00f3n personal en el trabajo<\/strong> y la coordinaci\u00f3n de las actividades empresariales, la\u2019<strong>evaluaci\u00f3n de riesgos<\/strong> y planificaci\u00f3n preventiva, el uso de EPI y la documentaci\u00f3n de <strong>Plan de seguridad y salud<\/strong>, reforzando las habilidades para comunicar y promover buenas pr\u00e1cticas en la obra. Previntegral es un centro acreditado por la <strong>Fundaci\u00f3n para el Trabajo en la Construcci\u00f3n<\/strong> (n.\u00ba 0505080031), garantizando una formaci\u00f3n acorde con la <strong>Acuerdo del sector metal\u00fargico<\/strong> y las necesidades reales del trabajo.<\/p>","protected":false},"excerpt":{"rendered":"<p>Aquest curs proporciona la capacitaci\u00f3 necess\u00e0ria per assumir funcions preventives de nivell b\u00e0sic en empreses del metall que treballen en obres de construcci\u00f3. T\u00e9 una durada de 60 hores en modalitat mixta (20 hores presencials i 40 hores de teleformaci\u00f3), combinant pr\u00e0ctica a l\u2019aula i flexibilitat online. L\u2019alumnat adquireix compet\u00e8ncies per identificar i controlar riscos [&hellip;]<\/p>\n","protected":false},"featured_media":5510,"comment_status":"open","ping_status":"closed","template":"","meta":{"_acf_changed":false},"product_brand":[],"product_cat":[52],"product_tag":[],"class_list":{"0":"post-5506","1":"product","2":"type-product","3":"status-publish","4":"has-post-thumbnail","6":"product_cat-metall-obra","8":"first","9":"instock","10":"virtual","11":"taxable","12":"purchasable","13":"product-type-curso"},"acf":[],"precio_regular_curso":0,"precio_bonificado_curso":0,"_links":{"self":[{"href":"https:\/\/testweb.previntegral.com\/es\/wp-json\/wp\/v2\/product\/5506","targetHints":{"allow":["GET"]}}],"collection":[{"href":"https:\/\/testweb.previntegral.com\/es\/wp-json\/wp\/v2\/product"}],"about":[{"href":"https:\/\/testweb.previntegral.com\/es\/wp-json\/wp\/v2\/types\/product"}],"replies":[{"embeddable":true,"href":"https:\/\/testweb.previntegral.com\/es\/wp-json\/wp\/v2\/comments?post=5506"}],"wp:featuredmedia":[{"embeddable":true,"href":"https:\/\/testweb.previntegral.com\/es\/wp-json\/wp\/v2\/media\/5510"}],"wp:attachment":[{"href":"https:\/\/testweb.previntegral.com\/es\/wp-json\/wp\/v2\/media?parent=5506"}],"wp:term":[{"taxonomy":"product_brand","embeddable":true,"href":"https:\/\/testweb.previntegral.com\/es\/wp-json\/wp\/v2\/product_brand?post=5506"},{"taxonomy":"product_cat","embeddable":true,"href":"https:\/\/testweb.previntegral.com\/es\/wp-json\/wp\/v2\/product_cat?post=5506"},{"taxonomy":"product_tag","embeddable":true,"href":"https:\/\/testweb.previntegral.com\/es\/wp-json\/wp\/v2\/product_tag?post=5506"}],"curies":[{"name":"wp","href":"https:\/\/api.w.org\/{rel}","templated":true}]}}